{"id":7517,"date":"2019-11-26T20:16:00","date_gmt":"2019-11-26T19:16:00","guid":{"rendered":"http:\/\/psgs.agh.edu.pl\/?post_type=dt_portfolio&#038;p=7517"},"modified":"2026-02-25T16:36:40","modified_gmt":"2026-02-25T15:36:40","slug":"portugalia-2019","status":"publish","type":"dt_portfolio","link":"https:\/\/psgs.agh.edu.pl\/en\/project\/portugalia-2019\/","title":{"rendered":"Portugalia 2019"},"content":{"rendered":"<div data-elementor-type=\"wp-post\" data-elementor-id=\"7517\" class=\"elementor elementor-7517\" data-elementor-post-type=\"dt_portfolio\">\n\t\t\t\t\t\t<section class=\"elementor-section elementor-top-section elementor-element elementor-element-f70ee41 elementor-section-boxed elementor-section-height-default elementor-section-height-default\" data-id=\"f70ee41\" data-element_type=\"section\" data-e-type=\"section\">\n\t\t\t\t\t\t<div class=\"elementor-container elementor-column-gap-default\">\n\t\t\t\t\t<div class=\"elementor-column elementor-col-100 elementor-top-column elementor-element elementor-element-f9ecef0\" data-id=\"f9ecef0\" data-element_type=\"column\" data-e-type=\"column\">\n\t\t\t<div class=\"elementor-widget-wrap elementor-element-populated\">\n\t\t\t\t\t\t<div class=\"elementor-element elementor-element-da7bee3 elementor-widget elementor-widget-text-editor\" data-id=\"da7bee3\" data-element_type=\"widget\" data-e-type=\"widget\" data-widget_type=\"text-editor.default\">\n\t\t\t\t<div class=\"elementor-widget-container\">\n\t\t\t\t\t\t\t\t\t<p>Portugal occupies a diverse and geologically fascinating area on the Iberian Peninsula. Events spanning a wide geological time span have been recorded here, particularly from the beginning of the Variscan orogeny to the present. Intensive salt tectonics played a significant role in shaping the basins and their sedimentation conditions, leading to the formation of numerous Triassic and Jurassic salt structures. Numerous ichnofossils have been documented within the sedimentary basins, ranging from the Lower Jurassic to the Upper Cretaceous, of which dinosaur footprints are particularly famous.\u00a0<\/p><p>In Portugal and throughout the Iberian Peninsula, evidence of global tectonic events from various periods has been preserved. Currently, the SW Iberian Peninsula is experiencing seismotectonic activity caused by the convergence of the African and Eurasian plates, which has continued from the Late Cretaceous to the present.<\/p><p>This geologically interesting country became the destination of a scientific expedition by the Polish Salt Mining Association in September 2019. The expedition route traversed the Lusitanian and Algarve sedimentary basins, from central-western Portugal to southern Portugal. It led through the cliffs of the western and southern coasts, through geological sites with dinosaur footprints, the Tagus estuary, and several sites associated with salt structures and salinas. The first of these was the Rio Maior salina, which was formed by brines accompanying a salt dome. Brines have been drawn from wells and evaporated in artificial surface reservoirs since prehistoric times, and the first known document concerning the salinas dates back to the 12th century. Brine is still produced today using traditional methods, albeit with some technical improvements. The salina is a tourist and recreational destination.<\/p><p>Another site associated with salt deposits was the Bay of S\u00e3o Martinho do Porto. Its regular shape, protected by a rock barrier separating it from the ocean, owes its location to its location on the western slope of the massive Caldas da Rainha salt formation.<\/p><p class=\"translation-block\">Further southwest, on the Set\u00fabal Peninsula, the expedition's route led through the Arr\u00e1bida mountain range, the extreme southern part of the Lusitanian Basin. The formation of this picturesque mountain range is associated with salt tectonics, with overthrust surfaces and salt anticlines. In places, the evaporite series forms outcrops where, until recently, local gypsum was open-pit mined.<\/p><p class=\"translation-block\">The southernmost point of the expedition associated with salt production was a salt pan established in the Formosa River estuary. The river, separated from the ocean by a barrier of islands, flows into it through several outlets, creating a vast delta within which a nature reserve (Parque Natural da Ria Formosa) has been established. The salt pan produces salt from seawater migrating through the delta's loose sediments.<\/p><p>The journey through this relatively small part of Portugal provided the participants with many unforgettable experiences, delighting them with the picturesque landscapes and the wealth of geological sites, so fascinating for anyone interested in unspoiled nature, salt deposits and the history of the development of our globe.<\/p><p><em>\u00a0<\/em><\/p><p><em>Obszerny artyku\u0142 autorstwa K. Poborskiej-M\u0142ynarskiej, po\u015bwi\u0119cony wyprawie solnej PSGS do Portugalii zosta\u0142 opublikowany w Przegl\u0105dzie Geologicznym, vol. 68, nr 10, 2020, pt. \u201eW\u0119dr\u00f3wka geologiczna po po\u0142udniowo-zachodnim wybrze\u017cu Portugalii&#8221;<\/em><\/p>\t\t\t\t\t\t\t\t<\/div>\n\t\t\t\t<\/div>\n\t\t\t\t\t<\/div>\n\t\t<\/div>\n\t\t\t\t\t<\/div>\n\t\t<\/section>\n\t\t\t\t<section class=\"elementor-section elementor-top-section elementor-element elementor-element-42d8b0e elementor-section-boxed elementor-section-height-default elementor-section-height-default\" data-id=\"42d8b0e\" data-element_type=\"section\" data-e-type=\"section\">\n\t\t\t\t\t\t<div class=\"elementor-container elementor-column-gap-default\">\n\t\t\t\t\t<div class=\"elementor-column elementor-col-100 elementor-top-column elementor-element elementor-element-d404f12\" data-id=\"d404f12\" data-element_type=\"column\" data-e-type=\"column\">\n\t\t\t<div class=\"elementor-widget-wrap elementor-element-populated\">\n\t\t\t\t\t\t<div class=\"elementor-element elementor-element-4a130b9 elementor-widget elementor-widget-image-gallery\" data-id=\"4a130b9\" data-element_type=\"widget\" data-e-type=\"widget\" data-widget_type=\"image-gallery.default\">\n\t\t\t\t<div class=\"elementor-widget-container\">\n\t\t\t\t\t\t\t<div class=\"elementor-image-gallery\">\n\t\t\t\n\t\t<style>\n\t\t\t#gallery-1 {\n\t\t\t\tmargin: auto;\n\t\t\t}\n\t\t\t#gallery-1 .gallery-item {\n\t\t\t\tfloat: left;\n\t\t\t\tmargin-top: 10px;\n\t\t\t\ttext-align: center;\n\t\t\t\twidth: 25%;\n\t\t\t}\n\t\t\t#gallery-1 img {\n\t\t\t\tborder: 2px solid #cfcfcf;\n\t\t\t}\n\t\t\t#gallery-1 .gallery-caption {\n\t\t\t\tmargin-left: 0;\n\t\t\t}\n\t\t\t\/* see gallery_shortcode() in wp-includes\/media.php *\/\n\t\t<\/style>\n\t\t<div id='gallery-1' class='gallery galleryid-7517 gallery-columns-4 gallery-size-thumbnail'><dl class='gallery-item'>\n\t\t\t<dt class='gallery-icon landscape'>\n\t\t\t\t<a data-elementor-open-lightbox=\"yes\" data-elementor-lightbox-slideshow=\"4a130b9\" data-elementor-lightbox-title=\"Razem :)\" data-e-action-hash=\"#elementor-action%3Aaction%3Dlightbox%26settings%3DeyJpZCI6NzU0MCwidXJsIjoiaHR0cHM6XC9cL3BzZ3MuYWdoLmVkdS5wbFwvd3AtY29udGVudFwvdXBsb2Fkc1wvMjAyM1wvMDRcL0RTQzA0NjYxLXNjYWxlZC5qcGciLCJzbGlkZXNob3ciOiI0YTEzMGI5In0%3D\" href='https:\/\/psgs.agh.edu.pl\/wp-content\/uploads\/2023\/04\/DSC04661-scaled.jpg'><img width=\"150\" height=\"150\" src=\"https:\/\/psgs.agh.edu.pl\/wp-content\/uploads\/2023\/04\/DSC04661-150x150.jpg\" class=\"attachment-thumbnail size-thumbnail\" alt=\"\" decoding=\"async\" \/><\/a>\n\t\t\t<\/dt><\/dl><dl class='gallery-item'>\n\t\t\t<dt class='gallery-icon landscape'>\n\t\t\t\t<a data-elementor-open-lightbox=\"yes\" data-elementor-lightbox-slideshow=\"4a130b9\" data-elementor-lightbox-title=\"Baseny. H. Paszcza\" data-e-action-hash=\"#elementor-action%3Aaction%3Dlightbox%26settings%3DeyJpZCI6NzU0MSwidXJsIjoiaHR0cHM6XC9cL3BzZ3MuYWdoLmVkdS5wbFwvd3AtY29udGVudFwvdXBsb2Fkc1wvMjAyM1wvMDRcL0Jhc2VueS4tSC4tUGFzemN6YS0xLXNjYWxlZC5qcGciLCJzbGlkZXNob3ciOiI0YTEzMGI5In0%3D\" href='https:\/\/psgs.agh.edu.pl\/wp-content\/uploads\/2023\/04\/Baseny.-H.-Paszcza-1-scaled.jpg'><img width=\"150\" height=\"150\" src=\"https:\/\/psgs.agh.edu.pl\/wp-content\/uploads\/2023\/04\/Baseny.-H.-Paszcza-1-150x150.jpg\" class=\"attachment-thumbnail size-thumbnail\" alt=\"\" decoding=\"async\" \/><\/a>\n\t\t\t<\/dt><\/dl><dl class='gallery-item'>\n\t\t\t<dt class='gallery-icon landscape'>\n\t\t\t\t<a data-elementor-open-lightbox=\"yes\" data-elementor-lightbox-slideshow=\"4a130b9\" data-elementor-lightbox-title=\"Lizbona, Pra\u00e7a do Com\u00e9rcio\" data-e-action-hash=\"#elementor-action%3Aaction%3Dlightbox%26settings%3DeyJpZCI6NzU0MywidXJsIjoiaHR0cHM6XC9cL3BzZ3MuYWdoLmVkdS5wbFwvd3AtY29udGVudFwvdXBsb2Fkc1wvMjAyM1wvMDRcL0RTQ18yMTU2LTEtc2NhbGVkLmpwZyIsInNsaWRlc2hvdyI6IjRhMTMwYjkifQ%3D%3D\" href='https:\/\/psgs.agh.edu.pl\/wp-content\/uploads\/2023\/04\/DSC_2156-1-scaled.jpg'><img width=\"150\" height=\"150\" src=\"https:\/\/psgs.agh.edu.pl\/wp-content\/uploads\/2023\/04\/DSC_2156-1-150x150.jpg\" class=\"attachment-thumbnail size-thumbnail\" alt=\"\" aria-describedby=\"gallery-1-7543\" decoding=\"async\" \/><\/a>\n\t\t\t<\/dt>\n\t\t\t\t<dd class='wp-caption-text gallery-caption' id='gallery-1-7543'>\n\t\t\t\t1. Lizbona, Pra\u00e7a do Com\u00e9rcio (plac handlowy). Pomnik kr\u00f3la J\u00f3zefa I\nReformatora i \u0141uk Triumfalny \u2013 Arco da Rua Augusta. Fot. J. Wachowiak\n\t\t\t\t<\/dd><\/dl><dl class='gallery-item'>\n\t\t\t<dt class='gallery-icon landscape'>\n\t\t\t\t<a data-elementor-open-lightbox=\"yes\" data-elementor-lightbox-slideshow=\"4a130b9\" data-elementor-lightbox-title=\"Belem_S_Burliga\" data-e-action-hash=\"#elementor-action%3Aaction%3Dlightbox%26settings%3DeyJpZCI6NzU0NCwidXJsIjoiaHR0cHM6XC9cL3BzZ3MuYWdoLmVkdS5wbFwvd3AtY29udGVudFwvdXBsb2Fkc1wvMjAyM1wvMDRcL0JlbGVtX1NfQnVybGlnYS1zY2FsZWQuanBnIiwic2xpZGVzaG93IjoiNGExMzBiOSJ9\" data-elementor-lightbox-description=\"Lizbona. Z prawej: Torre de Belem (wie\u017ca Belem\/Betlejemska) - jedna z najbardziejoryginalnych i charakterystycznych budowli w Portugalii. Wybudowana przez kr\u00f3la ManuelaI w latach 1515-1519. Wchodzi\u0142a w system ochrony rzeki Tag. Fot. S. Burliga.\" href='https:\/\/psgs.agh.edu.pl\/wp-content\/uploads\/2023\/04\/Belem_S_Burliga-scaled.jpg'><img loading=\"lazy\" width=\"150\" height=\"150\" src=\"https:\/\/psgs.agh.edu.pl\/wp-content\/uploads\/2023\/04\/Belem_S_Burliga-150x150.jpg\" class=\"attachment-thumbnail size-thumbnail\" alt=\"\" decoding=\"async\" \/><\/a>\n\t\t\t<\/dt><\/dl><br style=\"clear: both\" \/><dl class='gallery-item'>\n\t\t\t<dt class='gallery-icon landscape'>\n\t\t\t\t<a data-elementor-open-lightbox=\"yes\" data-elementor-lightbox-slideshow=\"4a130b9\" data-elementor-lightbox-title=\"Baseny Sadowski\" data-e-action-hash=\"#elementor-action%3Aaction%3Dlightbox%26settings%3DeyJpZCI6NzU0NSwidXJsIjoiaHR0cHM6XC9cL3BzZ3MuYWdoLmVkdS5wbFwvd3AtY29udGVudFwvdXBsb2Fkc1wvMjAyM1wvMDRcL0Jhc2VueS1TYWRvd3NraS0xLXNjYWxlZC5qcGciLCJzbGlkZXNob3ciOiI0YTEzMGI5In0%3D\" data-elementor-lightbox-description=\"Lizbona. Z prawej: Torre de Belem (wie\u017ca Belem\/Betlejemska) - jedna z najbardziejoryginalnych i charakterystycznych budowli w Portugalii. Wybudowana przez kr\u00f3la ManuelaI w latach 1515-1519. Wchodzi\u0142a w system ochrony rzeki Tag. Fot. S. Burliga.\" href='https:\/\/psgs.agh.edu.pl\/wp-content\/uploads\/2023\/04\/Baseny-Sadowski-1-scaled.jpg'><img loading=\"lazy\" width=\"150\" height=\"150\" src=\"https:\/\/psgs.agh.edu.pl\/wp-content\/uploads\/2023\/04\/Baseny-Sadowski-1-150x150.jpg\" class=\"attachment-thumbnail size-thumbnail\" alt=\"\" aria-describedby=\"gallery-1-7545\" decoding=\"async\" \/><\/a>\n\t\t\t<\/dt>\n\t\t\t\t<dd class='wp-caption-text gallery-caption' id='gallery-1-7545'>\n\t\t\t\tSalina Rio Maior. S\u00f3l produkuje si\u0119 to od czas\u00f3w prehistorycznych metod\u0105 naturalnego\nodparowania solanek pozyskiwanych z warstw stropowych wysadu Porto de Mos-Rio Maior\nw basenie Luzyta\u0144skim. Fot. A. Sadowski.\n\t\t\t\t<\/dd><\/dl><dl class='gallery-item'>\n\t\t\t<dt class='gallery-icon landscape'>\n\t\t\t\t<a data-elementor-open-lightbox=\"yes\" data-elementor-lightbox-slideshow=\"4a130b9\" data-elementor-lightbox-title=\"S_Burliga\" data-e-action-hash=\"#elementor-action%3Aaction%3Dlightbox%26settings%3DeyJpZCI6NzU0NiwidXJsIjoiaHR0cHM6XC9cL3BzZ3MuYWdoLmVkdS5wbFwvd3AtY29udGVudFwvdXBsb2Fkc1wvMjAyM1wvMDRcL3NvbC1tb3Jza2FfRmFyb19fU19CdXJsaWdhLXNjYWxlZC5qcGciLCJzbGlkZXNob3ciOiI0YTEzMGI5In0%3D\" data-elementor-lightbox-description=\"Lizbona. Z prawej: Torre de Belem (wie\u017ca Belem\/Betlejemska) - jedna z najbardziejoryginalnych i charakterystycznych budowli w Portugalii. Wybudowana przez kr\u00f3la ManuelaI w latach 1515-1519. Wchodzi\u0142a w system ochrony rzeki Tag. Fot. S. Burliga.\" href='https:\/\/psgs.agh.edu.pl\/wp-content\/uploads\/2023\/04\/sol-morska_Faro__S_Burliga-scaled.jpg'><img loading=\"lazy\" width=\"150\" height=\"150\" src=\"https:\/\/psgs.agh.edu.pl\/wp-content\/uploads\/2023\/04\/sol-morska_Faro__S_Burliga-150x150.jpg\" class=\"attachment-thumbnail size-thumbnail\" alt=\"\" aria-describedby=\"gallery-1-7546\" decoding=\"async\" \/><\/a>\n\t\t\t<\/dt>\n\t\t\t\t<dd class='wp-caption-text gallery-caption' id='gallery-1-7546'>\n\t\t\t\tSalina Rio Maior. S\u00f3l produkuje si\u0119 to od czas\u00f3w prehistorycznych metod\u0105 naturalnego\nodparowania solanek pozyskiwanych z warstw stropowych wysadu Porto de Mos-Rio Maior\nw basenie Luzyta\u0144skim. Fot. A. Sadowski.\n\t\t\t\t<\/dd><\/dl><dl class='gallery-item'>\n\t\t\t<dt class='gallery-icon landscape'>\n\t\t\t\t<a data-elementor-open-lightbox=\"yes\" data-elementor-lightbox-slideshow=\"4a130b9\" data-elementor-lightbox-title=\"Studnia z solank\u0105 z diapiru do salin Rio Maior G. Czapowski\" data-e-action-hash=\"#elementor-action%3Aaction%3Dlightbox%26settings%3DeyJpZCI6NzU0NywidXJsIjoiaHR0cHM6XC9cL3BzZ3MuYWdoLmVkdS5wbFwvd3AtY29udGVudFwvdXBsb2Fkc1wvMjAyM1wvMDRcL1N0dWRuaWEtei1zb2xhbmthLXotZGlhcGlydS1kby1zYWxpbi1SaW8tTWFpb3ItRy4tQ3phcG93c2tpLURTQ044Nzg5LXNjYWxlZC5qcGciLCJzbGlkZXNob3ciOiI0YTEzMGI5In0%3D\" data-elementor-lightbox-description=\"Lizbona. Z prawej: Torre de Belem (wie\u017ca Belem\/Betlejemska) - jedna z najbardziejoryginalnych i charakterystycznych budowli w Portugalii. Wybudowana przez kr\u00f3la ManuelaI w latach 1515-1519. Wchodzi\u0142a w system ochrony rzeki Tag. Fot. S. Burliga.\" href='https:\/\/psgs.agh.edu.pl\/wp-content\/uploads\/2023\/04\/Studnia-z-solanka-z-diapiru-do-salin-Rio-Maior-G.-Czapowski-DSCN8789-scaled.jpg'><img loading=\"lazy\" width=\"150\" height=\"150\" src=\"https:\/\/psgs.agh.edu.pl\/wp-content\/uploads\/2023\/04\/Studnia-z-solanka-z-diapiru-do-salin-Rio-Maior-G.-Czapowski-DSCN8789-150x150.jpg\" class=\"attachment-thumbnail size-thumbnail\" alt=\"\" aria-describedby=\"gallery-1-7547\" decoding=\"async\" \/><\/a>\n\t\t\t<\/dt>\n\t\t\t\t<dd class='wp-caption-text gallery-caption' id='gallery-1-7547'>\n\t\t\t\tSalina Rio Maior. Jedna ze studni solankowych o \u015brednicy kilku metr\u00f3w i g\u0142\u0119boko\u015bci\nkilkunastu m. Solank\u0119 wypompowuje si\u0119 do licznych p\u0142ytkich basen\u00f3w ewaporacyjnych. Fot.\nG. Czapowski.\n\t\t\t\t<\/dd><\/dl><dl class='gallery-item'>\n\t\t\t<dt class='gallery-icon portrait'>\n\t\t\t\t<a data-elementor-open-lightbox=\"yes\" data-elementor-lightbox-slideshow=\"4a130b9\" data-elementor-lightbox-title=\"Tropy dinozaur\u00f3w G. Czapowski\" data-e-action-hash=\"#elementor-action%3Aaction%3Dlightbox%26settings%3DeyJpZCI6NzU0OCwidXJsIjoiaHR0cHM6XC9cL3BzZ3MuYWdoLmVkdS5wbFwvd3AtY29udGVudFwvdXBsb2Fkc1wvMjAyM1wvMDRcL1Ryb3B5LWRpbm96YXVyb3ctQ3phcG93c2tpLXNjYWxlZC5qcGciLCJzbGlkZXNob3ciOiI0YTEzMGI5In0%3D\" data-elementor-lightbox-description=\"Lizbona. Z prawej: Torre de Belem (wie\u017ca Belem\/Betlejemska) - jedna z najbardziejoryginalnych i charakterystycznych budowli w Portugalii. Wybudowana przez kr\u00f3la ManuelaI w latach 1515-1519. Wchodzi\u0142a w system ochrony rzeki Tag. Fot. S. Burliga.\" href='https:\/\/psgs.agh.edu.pl\/wp-content\/uploads\/2023\/04\/Tropy-dinozaurow-Czapowski-scaled.jpg'><img loading=\"lazy\" width=\"150\" height=\"150\" src=\"https:\/\/psgs.agh.edu.pl\/wp-content\/uploads\/2023\/04\/Tropy-dinozaurow-Czapowski-150x150.jpg\" class=\"attachment-thumbnail size-thumbnail\" alt=\"\" aria-describedby=\"gallery-1-7548\" decoding=\"async\" \/><\/a>\n\t\t\t<\/dt>\n\t\t\t\t<dd class='wp-caption-text gallery-caption' id='gallery-1-7548'>\n\t\t\t\tTropy dinozaur\u00f3w. Na p\u00f3\u0142wyspie iberyjskim znane s\u0105 liczne ods\u0142oni\u0119cia trop\u00f3w\ndinozaur\u00f3w z nadrz\u0119du Sauropoda.\n\t\t\t\t<\/dd><\/dl><br style=\"clear: both\" \/><dl class='gallery-item'>\n\t\t\t<dt class='gallery-icon landscape'>\n\t\t\t\t<a data-elementor-open-lightbox=\"yes\" data-elementor-lightbox-slideshow=\"4a130b9\" data-elementor-lightbox-title=\"Tropy dinozaur\u00f3w H. Paszcza\" data-e-action-hash=\"#elementor-action%3Aaction%3Dlightbox%26settings%3DeyJpZCI6NzU0OSwidXJsIjoiaHR0cHM6XC9cL3BzZ3MuYWdoLmVkdS5wbFwvd3AtY29udGVudFwvdXBsb2Fkc1wvMjAyM1wvMDRcL1Ryb3B5LWRpbm96YXVyb3ctUGFzemN6YS1zY2FsZWQuanBnIiwic2xpZGVzaG93IjoiNGExMzBiOSJ9\" data-elementor-lightbox-description=\"Lizbona. Z prawej: Torre de Belem (wie\u017ca Belem\/Betlejemska) - jedna z najbardziejoryginalnych i charakterystycznych budowli w Portugalii. Wybudowana przez kr\u00f3la ManuelaI w latach 1515-1519. Wchodzi\u0142a w system ochrony rzeki Tag. Fot. S. Burliga.\" href='https:\/\/psgs.agh.edu.pl\/wp-content\/uploads\/2023\/04\/Tropy-dinozaurow-Paszcza-scaled.jpg'><img loading=\"lazy\" width=\"150\" height=\"150\" src=\"https:\/\/psgs.agh.edu.pl\/wp-content\/uploads\/2023\/04\/Tropy-dinozaurow-Paszcza-150x150.jpg\" class=\"attachment-thumbnail size-thumbnail\" alt=\"\" aria-describedby=\"gallery-1-7549\" decoding=\"async\" \/><\/a>\n\t\t\t<\/dt>\n\t\t\t\t<dd class='wp-caption-text gallery-caption' id='gallery-1-7549'>\n\t\t\t\tTropy dinozaur\u00f3w. Na p\u00f3\u0142wyspie iberyjskim znane s\u0105 liczne ods\u0142oni\u0119cia trop\u00f3w\ndinozaur\u00f3w z nadrz\u0119du Sauropoda.\n\t\t\t\t<\/dd><\/dl><dl class='gallery-item'>\n\t\t\t<dt class='gallery-icon portrait'>\n\t\t\t\t<a data-elementor-open-lightbox=\"yes\" data-elementor-lightbox-slideshow=\"4a130b9\" data-elementor-lightbox-title=\"D\u0119by korkowe\" data-e-action-hash=\"#elementor-action%3Aaction%3Dlightbox%26settings%3DeyJpZCI6NzU1MCwidXJsIjoiaHR0cHM6XC9cL3BzZ3MuYWdoLmVkdS5wbFwvd3AtY29udGVudFwvdXBsb2Fkc1wvMjAyM1wvMDRcL0RTQ18yMTMwLXNjYWxlZC5qcGciLCJzbGlkZXNob3ciOiI0YTEzMGI5In0%3D\" data-elementor-lightbox-description=\"Lizbona. Z prawej: Torre de Belem (wie\u017ca Belem\/Betlejemska) - jedna z najbardziejoryginalnych i charakterystycznych budowli w Portugalii. Wybudowana przez kr\u00f3la ManuelaI w latach 1515-1519. Wchodzi\u0142a w system ochrony rzeki Tag. Fot. S. Burliga.\" href='https:\/\/psgs.agh.edu.pl\/wp-content\/uploads\/2023\/04\/DSC_2130-scaled.jpg'><img loading=\"lazy\" width=\"150\" height=\"150\" src=\"https:\/\/psgs.agh.edu.pl\/wp-content\/uploads\/2023\/04\/DSC_2130-150x150.jpg\" class=\"attachment-thumbnail size-thumbnail\" alt=\"\" aria-describedby=\"gallery-1-7550\" decoding=\"async\" \/><\/a>\n\t\t\t<\/dt>\n\t\t\t\t<dd class='wp-caption-text gallery-caption' id='gallery-1-7550'>\n\t\t\t\tD\u0119by korkowe. Ponad jedna pi\u0105ta powierzchni Portugalii przeznaczona jest na plantacje\nd\u0119bu korkowego. Jest to 30% wszystkich \u015bwiatowych area\u0142\u00f3w, z czego powstaje 50%\n\u015bwiatowej produkcji korka. Pierwszy zbi\u00f3r zdrewnia\u0142ej kory nast\u0119puje, kiedy drzewo osi\u0105gnie\n\u015brednic\u0119 60 cm, a to oznacza oko\u0142o 20-25 lat. Kolejne zbiory mo\u017cna wykonywa\u0107 co 9 do 12\nlat. Fot. A. Sadowski.\n\t\t\t\t<\/dd><\/dl><dl class='gallery-item'>\n\t\t\t<dt class='gallery-icon landscape'>\n\t\t\t\t<a data-elementor-open-lightbox=\"yes\" data-elementor-lightbox-slideshow=\"4a130b9\" data-elementor-lightbox-title=\"Baseny solankowe. Czapowski\" data-e-action-hash=\"#elementor-action%3Aaction%3Dlightbox%26settings%3DeyJpZCI6NzU1MSwidXJsIjoiaHR0cHM6XC9cL3BzZ3MuYWdoLmVkdS5wbFwvd3AtY29udGVudFwvdXBsb2Fkc1wvMjAyM1wvMDRcLzA5Li1CYXNlbnktc29sYW5rb3dlLi1DemFwb3dza2ktc2NhbGVkLmpwZyIsInNsaWRlc2hvdyI6IjRhMTMwYjkifQ%3D%3D\" data-elementor-lightbox-description=\"Lizbona. Z prawej: Torre de Belem (wie\u017ca Belem\/Betlejemska) - jedna z najbardziejoryginalnych i charakterystycznych budowli w Portugalii. Wybudowana przez kr\u00f3la ManuelaI w latach 1515-1519. Wchodzi\u0142a w system ochrony rzeki Tag. Fot. S. Burliga.\" href='https:\/\/psgs.agh.edu.pl\/wp-content\/uploads\/2023\/04\/09.-Baseny-solankowe.-Czapowski-scaled.jpg'><img loading=\"lazy\" width=\"150\" height=\"150\" src=\"https:\/\/psgs.agh.edu.pl\/wp-content\/uploads\/2023\/04\/09.-Baseny-solankowe.-Czapowski-150x150.jpg\" class=\"attachment-thumbnail size-thumbnail\" alt=\"\" decoding=\"async\" \/><\/a>\n\t\t\t<\/dt><\/dl><dl class='gallery-item'>\n\t\t\t<dt class='gallery-icon landscape'>\n\t\t\t\t<a data-elementor-open-lightbox=\"yes\" data-elementor-lightbox-slideshow=\"4a130b9\" data-elementor-lightbox-title=\"DSC_0497 (1)\" data-e-action-hash=\"#elementor-action%3Aaction%3Dlightbox%26settings%3DeyJpZCI6NzU1MiwidXJsIjoiaHR0cHM6XC9cL3BzZ3MuYWdoLmVkdS5wbFwvd3AtY29udGVudFwvdXBsb2Fkc1wvMjAyM1wvMDRcL0RTQ18wNDk3LTEtc2NhbGVkLmpwZyIsInNsaWRlc2hvdyI6IjRhMTMwYjkifQ%3D%3D\" data-elementor-lightbox-description=\"Lizbona. Z prawej: Torre de Belem (wie\u017ca Belem\/Betlejemska) - jedna z najbardziejoryginalnych i charakterystycznych budowli w Portugalii. Wybudowana przez kr\u00f3la ManuelaI w latach 1515-1519. Wchodzi\u0142a w system ochrony rzeki Tag. Fot. S. Burliga.\" href='https:\/\/psgs.agh.edu.pl\/wp-content\/uploads\/2023\/04\/DSC_0497-1-scaled.jpg'><img loading=\"lazy\" width=\"150\" height=\"150\" src=\"https:\/\/psgs.agh.edu.pl\/wp-content\/uploads\/2023\/04\/DSC_0497-1-150x150.jpg\" class=\"attachment-thumbnail size-thumbnail\" alt=\"\" decoding=\"async\" \/><\/a>\n\t\t\t<\/dt><\/dl><br style=\"clear: both\" \/><dl class='gallery-item'>\n\t\t\t<dt class='gallery-icon landscape'>\n\t\t\t\t<a data-elementor-open-lightbox=\"yes\" data-elementor-lightbox-slideshow=\"4a130b9\" data-elementor-lightbox-title=\"DSCN8782\" data-e-action-hash=\"#elementor-action%3Aaction%3Dlightbox%26settings%3DeyJpZCI6NzU1MywidXJsIjoiaHR0cHM6XC9cL3BzZ3MuYWdoLmVkdS5wbFwvd3AtY29udGVudFwvdXBsb2Fkc1wvMjAyM1wvMDRcL0RTQ044NzgyLXNjYWxlZC5qcGciLCJzbGlkZXNob3ciOiI0YTEzMGI5In0%3D\" data-elementor-lightbox-description=\"Lizbona. Z prawej: Torre de Belem (wie\u017ca Belem\/Betlejemska) - jedna z najbardziejoryginalnych i charakterystycznych budowli w Portugalii. Wybudowana przez kr\u00f3la ManuelaI w latach 1515-1519. Wchodzi\u0142a w system ochrony rzeki Tag. Fot. S. Burliga.\" href='https:\/\/psgs.agh.edu.pl\/wp-content\/uploads\/2023\/04\/DSCN8782-scaled.jpg'><img loading=\"lazy\" width=\"150\" height=\"150\" src=\"https:\/\/psgs.agh.edu.pl\/wp-content\/uploads\/2023\/04\/DSCN8782-150x150.jpg\" class=\"attachment-thumbnail size-thumbnail\" alt=\"\" decoding=\"async\" \/><\/a>\n\t\t\t<\/dt><\/dl><dl class='gallery-item'>\n\t\t\t<dt class='gallery-icon landscape'>\n\t\t\t\t<a data-elementor-open-lightbox=\"yes\" data-elementor-lightbox-slideshow=\"4a130b9\" data-elementor-lightbox-title=\"Algarve_S_Burliga\" data-e-action-hash=\"#elementor-action%3Aaction%3Dlightbox%26settings%3DeyJpZCI6NzU1NCwidXJsIjoiaHR0cHM6XC9cL3BzZ3MuYWdoLmVkdS5wbFwvd3AtY29udGVudFwvdXBsb2Fkc1wvMjAyM1wvMDRcL0FsZ2FydmVfU19CdXJsaWdhLXNjYWxlZC5qcGciLCJzbGlkZXNob3ciOiI0YTEzMGI5In0%3D\" data-elementor-lightbox-description=\"Lizbona. Z prawej: Torre de Belem (wie\u017ca Belem\/Betlejemska) - jedna z najbardziejoryginalnych i charakterystycznych budowli w Portugalii. Wybudowana przez kr\u00f3la ManuelaI w latach 1515-1519. Wchodzi\u0142a w system ochrony rzeki Tag. Fot. S. Burliga.\" href='https:\/\/psgs.agh.edu.pl\/wp-content\/uploads\/2023\/04\/Algarve_S_Burliga-scaled.jpg'><img loading=\"lazy\" width=\"150\" height=\"150\" src=\"https:\/\/psgs.agh.edu.pl\/wp-content\/uploads\/2023\/04\/Algarve_S_Burliga-150x150.jpg\" class=\"attachment-thumbnail size-thumbnail\" alt=\"\" aria-describedby=\"gallery-1-7554\" decoding=\"async\" \/><\/a>\n\t\t\t<\/dt>\n\t\t\t\t<dd class='wp-caption-text gallery-caption' id='gallery-1-7554'>\n\t\t\t\tKlifowe wybrze\u017ce Algarve. To mezozoiczno-kenozoiczny kompleks skalny, powsta\u0142y\npodczas rozpadu Pangei i rozwoju zachodniego kra\u0144ca Neotetydy. Osady triasu, jury, kredy,\nneogenu i czwartorz\u0119du, podatne na erozj\u0119 morsk\u0105, tworz\u0105 niezwykle malowniczy fragment\nwybrze\u017ca Portugalii. Fot. J. Wachowiak.\n\t\t\t\t<\/dd><\/dl><dl class='gallery-item'>\n\t\t\t<dt class='gallery-icon landscape'>\n\t\t\t\t<a data-elementor-open-lightbox=\"yes\" data-elementor-lightbox-slideshow=\"4a130b9\" data-elementor-lightbox-title=\"Wybrze\u017ce atlantyku. Wachowiak\" data-e-action-hash=\"#elementor-action%3Aaction%3Dlightbox%26settings%3DeyJpZCI6NzU1NSwidXJsIjoiaHR0cHM6XC9cL3BzZ3MuYWdoLmVkdS5wbFwvd3AtY29udGVudFwvdXBsb2Fkc1wvMjAyM1wvMDRcL1d5YnJ6ZXplLWF0bGFudHlrdS4tV2FjaG93aWFrLXNjYWxlZC5qcGciLCJzbGlkZXNob3ciOiI0YTEzMGI5In0%3D\" data-elementor-lightbox-description=\"Lizbona. Z prawej: Torre de Belem (wie\u017ca Belem\/Betlejemska) - jedna z najbardziejoryginalnych i charakterystycznych budowli w Portugalii. Wybudowana przez kr\u00f3la ManuelaI w latach 1515-1519. Wchodzi\u0142a w system ochrony rzeki Tag. Fot. S. Burliga.\" href='https:\/\/psgs.agh.edu.pl\/wp-content\/uploads\/2023\/04\/Wybrzeze-atlantyku.-Wachowiak-scaled.jpg'><img loading=\"lazy\" width=\"150\" height=\"150\" src=\"https:\/\/psgs.agh.edu.pl\/wp-content\/uploads\/2023\/04\/Wybrzeze-atlantyku.-Wachowiak-150x150.jpg\" class=\"attachment-thumbnail size-thumbnail\" alt=\"\" aria-describedby=\"gallery-1-7555\" decoding=\"async\" \/><\/a>\n\t\t\t<\/dt>\n\t\t\t\t<dd class='wp-caption-text gallery-caption' id='gallery-1-7555'>\n\t\t\t\tKlifowe wybrze\u017ce Algarve. To mezozoiczno-kenozoiczny kompleks skalny, powsta\u0142y\npodczas rozpadu Pangei i rozwoju zachodniego kra\u0144ca Neotetydy. Osady triasu, jury, kredy,\nneogenu i czwartorz\u0119du, podatne na erozj\u0119 morsk\u0105, tworz\u0105 niezwykle malowniczy fragment\nwybrze\u017ca Portugalii. Fot. J. Wachowiak.\n\t\t\t\t<\/dd><\/dl><dl class='gallery-item'>\n\t\t\t<dt class='gallery-icon portrait'>\n\t\t\t\t<a data-elementor-open-lightbox=\"yes\" data-elementor-lightbox-slideshow=\"4a130b9\" data-elementor-lightbox-title=\"Cabo da Rocka - pomnik skraju Europy . G. Czapowski (1)\" data-e-action-hash=\"#elementor-action%3Aaction%3Dlightbox%26settings%3DeyJpZCI6NzU1NiwidXJsIjoiaHR0cHM6XC9cL3BzZ3MuYWdoLmVkdS5wbFwvd3AtY29udGVudFwvdXBsb2Fkc1wvMjAyM1wvMDRcL0NhYm8tZGEtUm9ja2EtcG9tbmlrLXNrcmFqdS1FdXJvcHktLi1HLi1DemFwb3dza2ktMS1zY2FsZWQuanBnIiwic2xpZGVzaG93IjoiNGExMzBiOSJ9\" data-elementor-lightbox-description=\"Lizbona. Z prawej: Torre de Belem (wie\u017ca Belem\/Betlejemska) - jedna z najbardziejoryginalnych i charakterystycznych budowli w Portugalii. Wybudowana przez kr\u00f3la ManuelaI w latach 1515-1519. Wchodzi\u0142a w system ochrony rzeki Tag. Fot. S. Burliga.\" href='https:\/\/psgs.agh.edu.pl\/wp-content\/uploads\/2023\/04\/Cabo-da-Rocka-pomnik-skraju-Europy-.-G.-Czapowski-1-scaled.jpg'><img loading=\"lazy\" width=\"150\" height=\"150\" src=\"https:\/\/psgs.agh.edu.pl\/wp-content\/uploads\/2023\/04\/Cabo-da-Rocka-pomnik-skraju-Europy-.-G.-Czapowski-1-150x150.jpg\" class=\"attachment-thumbnail size-thumbnail\" alt=\"\" aria-describedby=\"gallery-1-7556\" decoding=\"async\" \/><\/a>\n\t\t\t<\/dt>\n\t\t\t\t<dd class='wp-caption-text gallery-caption' id='gallery-1-7556'>\n\t\t\t\tCabo da Roca. Najdalej na zach\u00f3d wysuni\u0119ty cypel Europy. W przybrze\u017cnej stra\u017cnicy turystycznej\ngrupa PSGS otrzyma\u0142a certyfikat obecno\u015bci w tym miejscu. Fot. G. Czapowski.\n\t\t\t\t<\/dd><\/dl><br style=\"clear: both\" \/><dl class='gallery-item'>\n\t\t\t<dt class='gallery-icon landscape'>\n\t\t\t\t<a data-elementor-open-lightbox=\"yes\" data-elementor-lightbox-slideshow=\"4a130b9\" data-elementor-lightbox-title=\"Grupa na wybrze\u017cu 2 K. D&#039;Obyrn\" data-e-action-hash=\"#elementor-action%3Aaction%3Dlightbox%26settings%3DeyJpZCI6NzU1NywidXJsIjoiaHR0cHM6XC9cL3BzZ3MuYWdoLmVkdS5wbFwvd3AtY29udGVudFwvdXBsb2Fkc1wvMjAyM1wvMDRcL0dydXBhLW5hLXd5YnJ6ZXp1LTItSy4tRE9ieXJuLXNjYWxlZC5qcGciLCJzbGlkZXNob3ciOiI0YTEzMGI5In0%3D\" data-elementor-lightbox-description=\"Lizbona. Z prawej: Torre de Belem (wie\u017ca Belem\/Betlejemska) - jedna z najbardziejoryginalnych i charakterystycznych budowli w Portugalii. Wybudowana przez kr\u00f3la ManuelaI w latach 1515-1519. Wchodzi\u0142a w system ochrony rzeki Tag. Fot. S. Burliga.\" href='https:\/\/psgs.agh.edu.pl\/wp-content\/uploads\/2023\/04\/Grupa-na-wybrzezu-2-K.-DObyrn-scaled.jpg'><img loading=\"lazy\" width=\"150\" height=\"150\" src=\"https:\/\/psgs.agh.edu.pl\/wp-content\/uploads\/2023\/04\/Grupa-na-wybrzezu-2-K.-DObyrn-150x150.jpg\" class=\"attachment-thumbnail size-thumbnail\" alt=\"\" aria-describedby=\"gallery-1-7557\" decoding=\"async\" \/><\/a>\n\t\t\t<\/dt>\n\t\t\t\t<dd class='wp-caption-text gallery-caption' id='gallery-1-7557'>\n\t\t\t\tKlifowe wybrze\u017ce Algarve. To mezozoiczno-kenozoiczny kompleks skalny, powsta\u0142y\npodczas rozpadu Pangei i rozwoju zachodniego kra\u0144ca Neotetydy. Osady triasu, jury, kredy,\nneogenu i czwartorz\u0119du, podatne na erozj\u0119 morsk\u0105, tworz\u0105 niezwykle malowniczy fragment\nwybrze\u017ca Portugalii. Fot. J. Wachowiak.\n\t\t\t\t<\/dd><\/dl><dl class='gallery-item'>\n\t\t\t<dt class='gallery-icon landscape'>\n\t\t\t\t<a data-elementor-open-lightbox=\"yes\" data-elementor-lightbox-slideshow=\"4a130b9\" data-elementor-lightbox-title=\"IMG_20190925_173032\" data-e-action-hash=\"#elementor-action%3Aaction%3Dlightbox%26settings%3DeyJpZCI6NzU1OCwidXJsIjoiaHR0cHM6XC9cL3BzZ3MuYWdoLmVkdS5wbFwvd3AtY29udGVudFwvdXBsb2Fkc1wvMjAyM1wvMDRcL0lNR18yMDE5MDkyNV8xNzMwMzItc2NhbGVkLmpwZyIsInNsaWRlc2hvdyI6IjRhMTMwYjkifQ%3D%3D\" data-elementor-lightbox-description=\"Lizbona. Z prawej: Torre de Belem (wie\u017ca Belem\/Betlejemska) - jedna z najbardziejoryginalnych i charakterystycznych budowli w Portugalii. Wybudowana przez kr\u00f3la ManuelaI w latach 1515-1519. Wchodzi\u0142a w system ochrony rzeki Tag. Fot. S. Burliga.\" href='https:\/\/psgs.agh.edu.pl\/wp-content\/uploads\/2023\/04\/IMG_20190925_173032-scaled.jpg'><img loading=\"lazy\" width=\"150\" height=\"150\" src=\"https:\/\/psgs.agh.edu.pl\/wp-content\/uploads\/2023\/04\/IMG_20190925_173032-150x150.jpg\" class=\"attachment-thumbnail size-thumbnail\" alt=\"\" decoding=\"async\" \/><\/a>\n\t\t\t<\/dt><\/dl><dl class='gallery-item'>\n\t\t\t<dt class='gallery-icon landscape'>\n\t\t\t\t<a data-elementor-open-lightbox=\"yes\" data-elementor-lightbox-slideshow=\"4a130b9\" data-elementor-lightbox-title=\"Baseny. H. Paszcza\" data-e-action-hash=\"#elementor-action%3Aaction%3Dlightbox%26settings%3DeyJpZCI6NzU1OSwidXJsIjoiaHR0cHM6XC9cL3BzZ3MuYWdoLmVkdS5wbFwvd3AtY29udGVudFwvdXBsb2Fkc1wvMjAyM1wvMDRcL0Jhc2VueS4tSC4tUGFzemN6YS1zY2FsZWQuanBnIiwic2xpZGVzaG93IjoiNGExMzBiOSJ9\" data-elementor-lightbox-description=\"Lizbona. Z prawej: Torre de Belem (wie\u017ca Belem\/Betlejemska) - jedna z najbardziejoryginalnych i charakterystycznych budowli w Portugalii. Wybudowana przez kr\u00f3la ManuelaI w latach 1515-1519. Wchodzi\u0142a w system ochrony rzeki Tag. Fot. S. Burliga.\" href='https:\/\/psgs.agh.edu.pl\/wp-content\/uploads\/2023\/04\/Baseny.-H.-Paszcza-scaled.jpg'><img loading=\"lazy\" width=\"150\" height=\"150\" src=\"https:\/\/psgs.agh.edu.pl\/wp-content\/uploads\/2023\/04\/Baseny.-H.-Paszcza-150x150.jpg\" class=\"attachment-thumbnail size-thumbnail\" alt=\"\" decoding=\"async\" \/><\/a>\n\t\t\t<\/dt><\/dl>\n\t\t\t<br style='clear: both' \/>\n\t\t<\/div>\n\t\t<\/div>\n\t\t\t\t\t\t<\/div>\n\t\t\t\t<\/div>\n\t\t\t\t\t<\/div>\n\t\t<\/div>\n\t\t\t\t\t<\/div>\n\t\t<\/section>\n\t\t\t\t<\/div>","protected":false},"excerpt":{"rendered":"<p>Portugalia zajmuje na P\u00f3\u0142wyspie Iberyjskim\u00a0 urozmaicony i niezwykle ciekawy pod wzgl\u0119dem geologicznym\u00a0 obszar. Zapisa\u0142y si\u0119 na nim zdarzenia z szerokiego przedzia\u0142u czasu geologicznego. Szczeg\u00f3lnie\u00a0 od pocz\u0105tk\u00f3w orogenezy waryscyjskiej po czasy wsp\u00f3\u0142czesne. W kszta\u0142towaniu si\u0119 basen\u00f3w i panuj\u0105cych w nich warunk\u00f3w sedymentacji znaczn\u0105 rol\u0119 odegra\u0142a intensywna tektonika solna, prowadz\u0105ca do powstania licznych struktur solnych soli triasowych&hellip;<\/p>","protected":false},"author":1,"featured_media":7518,"comment_status":"closed","ping_status":"closed","template":"","dt_portfolio_category":[],"dt_portfolio_tags":[],"class_list":["post-7517","dt_portfolio","type-dt_portfolio","status-publish","has-post-thumbnail","hentry"],"_links":{"self":[{"href":"https:\/\/psgs.agh.edu.pl\/en\/wp-json\/wp\/v2\/dt_portfolio\/7517","targetHints":{"allow":["GET"]}}],"collection":[{"href":"https:\/\/psgs.agh.edu.pl\/en\/wp-json\/wp\/v2\/dt_portfolio"}],"about":[{"href":"https:\/\/psgs.agh.edu.pl\/en\/wp-json\/wp\/v2\/types\/dt_portfolio"}],"author":[{"embeddable":true,"href":"https:\/\/psgs.agh.edu.pl\/en\/wp-json\/wp\/v2\/users\/1"}],"replies":[{"embeddable":true,"href":"https:\/\/psgs.agh.edu.pl\/en\/wp-json\/wp\/v2\/comments?post=7517"}],"version-history":[{"count":19,"href":"https:\/\/psgs.agh.edu.pl\/en\/wp-json\/wp\/v2\/dt_portfolio\/7517\/revisions"}],"predecessor-version":[{"id":8525,"href":"https:\/\/psgs.agh.edu.pl\/en\/wp-json\/wp\/v2\/dt_portfolio\/7517\/revisions\/8525"}],"wp:featuredmedia":[{"embeddable":true,"href":"https:\/\/psgs.agh.edu.pl\/en\/wp-json\/wp\/v2\/media\/7518"}],"wp:attachment":[{"href":"https:\/\/psgs.agh.edu.pl\/en\/wp-json\/wp\/v2\/media?parent=7517"}],"wp:term":[{"taxonomy":"dt_portfolio_category","embeddable":true,"href":"https:\/\/psgs.agh.edu.pl\/en\/wp-json\/wp\/v2\/dt_portfolio_category?post=7517"},{"taxonomy":"dt_portfolio_tags","embeddable":true,"href":"https:\/\/psgs.agh.edu.pl\/en\/wp-json\/wp\/v2\/dt_portfolio_tags?post=7517"}],"curies":[{"name":"wp","href":"https:\/\/api.w.org\/{rel}","templated":true}]}}